{"id":1006,"date":"2019-06-17T14:17:38","date_gmt":"2019-06-17T12:17:38","guid":{"rendered":"http:\/\/graphen.pl\/?page_id=1006"},"modified":"2021-06-16T15:01:49","modified_gmt":"2021-06-16T13:01:49","slug":"fotowoltaika","status":"publish","type":"page","link":"https:\/\/graphen.pl\/de\/fotowoltaika\/","title":{"rendered":"Fotowoltaika"},"content":{"rendered":"<div class=\"wpb-content-wrapper\"><p>[vc_row][vc_column][vc_empty_space][vc_row_inner][vc_column_inner][vc_column_text]<\/p>\n<h3 style=\"text-align: center;\"><span style=\"color: #f33a21;\">FOTOWOLTAIKA<\/span><\/h3>\n<p>[\/vc_column_text][vc_column_text css=&#8220;.vc_custom_1612445558068{margin-right: 25px !important;margin-left: 25px !important;}&#8220;]Jako specjali\u015bci zajmuj\u0105cy si\u0119 od 2008 roku automatyk\u0105 budynk\u00f3w, kompleksowo od projektu, przez okablowanie oraz monta\u017c element\u00f3w realizujemy instalacje fotowoltaiczne, dopasowane do zapotrzebowania obiektu na energi\u0119 elektryczn\u0105.<\/p>\n<p>W\u0142asna mikro-instalacja zamontowana na dachu domu lub firmy, gruncie lub budynku gospodarczym w prosty spos\u00f3b umo\u017cliwi produkcj\u0119 pr\u0105du, kt\u00f3ry zaspokoi roczne zapotrzebowanie obiektu.<\/p>\n<p>Nadwy\u017ck\u0119 wyprodukowanej energii oddamy do zak\u0142adu energetycznego maj\u0105c prawo odebra\u0107 j\u0105 w ci\u0105gu 12 miesi\u0119cy od daty wprowadzenia do sieci. Nadmiar energii wyprodukowany w okresie o najwi\u0119kszym stopniu nas\u0142onecznienia zostanie wykorzystany w okresie o najmniejszym nat\u0119\u017ceniu s\u0142o\u0144ca, czyli noc\u0105 lub zim\u0105.<\/p>\n<p>Je\u015bli na dachu Pa\u0144stwa domu, budynku firmowego lub powierzchni dzia\u0142ki mo\u017cna zamontowa\u0107 panele fotowoltaiczne zwr\u00f3cone na po\u0142udnie, wsch\u00f3d lub zach\u00f3d oznacza to, \u017ce instalacja taka b\u0119dzie generowa\u0107 zyski ka\u017cdego dnia w roku.<\/p>\n<p>Dlatego zach\u0119camy do wykorzystania ogromnych pok\u0142ad\u00f3w energii drzemi\u0105cej w s\u0142o\u0144cu. Najnowsze technologie pozwalaj\u0105 na efektywne wykorzystanie tej energii, a instalacje wykonane przez nasz\u0105 firm\u0119 efektywnie pracuj\u0105 przez ca\u0142y rok.<\/p>\n<p><span style=\"font-weight: 400;\">Instalacje fotowoltaiczne, kt\u00f3rych monta\u017c przeprowadzili\u015bmy na dachach firm i gospodarstw rolnych, pozwalaj\u0105 ograniczy\u0107 zale\u017cno\u015b\u0107 zyskowno\u015bci przedsi\u0119biorstw\u00a0 od wzrostu cen energii zwi\u0105zanych z op\u0142ata mocow\u0105.\u00a0<\/span><\/p>\n<p><span style=\"font-weight: 400;\">Wprowadzenie dodatkowej op\u0142aty mocowej od stycznia 2021 roku wp\u0142ynie na wzrost rachunk\u00f3w za energi\u0119 elektryczn\u0105<\/span><b> \u015brednio nawet o 75 z\u0142 za 1 MW.<\/b><span style=\"font-weight: 400;\"> Docelowo b\u0119dzie to skutkowa\u0142o wzrostem koszt\u00f3w prowadzenia dzia\u0142alno\u015bci gospodarczej. Op\u0142ata ta b\u0119dzie doliczana do koszt\u00f3w dystrybucji. Przyk\u0142adowo zatem ma\u0142e przedsi\u0119biorstwo lub gospodarstwo rolne zu\u017cywaj\u0105ce w godzinach od 7:00 do 21:00 na przyk\u0142ad 50 MWh, musi si\u0119 liczy\u0107 z dodatkow\u0105 op\u0142at\u0105 w granicach 3800 z\u0142.\u00a0<\/span><\/p>\n<p><span style=\"font-weight: 400;\">Zatem dzi\u0119ki instalacji modu\u0142\u00f3w fotowoltaicznych na dachu\u00a0 przedsi\u0119biorstwa lub gospodarstwa ogranicza si\u0119 lub niemal ca\u0142kowicie eliminuje konieczno\u015b\u0107 pobierania energii z Zak\u0142adu Energetycznego. Produkuje si\u0119 w\u0142asny pr\u0105d, na w\u0142asne potrzeby. To nawet kilkunastotysi\u0119czne oszcz\u0119dno\u015bci w skali roku. Dodatkowo r\u00f3wnie\u017c jest to uniezale\u017cnienie si\u0119 od podwy\u017cek cen pr\u0105du.\u00a0<\/span>[\/vc_column_text]<div class=\" ubtn-ctn-center \"><a class=\"ubtn-link ult-adjust-bottom-margin ubtn-center ubtn-normal \" href=\"https:\/\/graphen.pl\/fotowoltaika\/#napisz_wiadomosc\" ><button type=\"button\" id=\"ubtn-6761\"  class=\"ubtn ult-adjust-bottom-margin ult-responsive ubtn-normal ubtn-fade-bg  ulta-push  ubtn-sep-icon ubtn-sep-icon-bottom-push  ubtn-center   tooltip-69f0a708c39d1 ubtn-tooltip left\" data-toggle=\"tooltip\" data-placement=\"left\" title=\"\" data-hover=\"\" data-border-color=\"\" data-bg=\"#ffffff\" data-hover-bg=\"#ffffff\" data-border-hover=\"\" data-shadow-hover=\"\" data-shadow-click=\"none\" data-shadow=\"\" data-shd-shadow=\"\"  data-ultimate-target='#ubtn-6761'  data-responsive-json-new='{\"font-size\":\"desktop:24px;\",\"line-height\":\"\"}'  style=\"font-weight:bold;border:none;background: #ffffff;color: #f33a21;\"><span class=\"ubtn-data ubtn-icon\"><i class=\"Defaults-envelope-o\" style=\"font-size:50px;color:;\"><\/i><\/span><span class=\"ubtn-hover\" style=\"background-color:#ffffff\"><\/span><span class=\"ubtn-data ubtn-text \" >MASZ WI\u0118CEJ PYTA\u0143? NAPISZ DO NAS<\/span><\/button><\/a><\/div>[\/vc_column_inner][vc_column_inner][vc_separator][\/vc_column_inner][vc_column_inner width=&#8220;1\/3&#8243;]<div class=\"aio-icon-component    style_1\"><div id=\"Info-box-wrap-2055\" class=\"aio-icon-box default-icon\" style=\"\"  ><div class=\"aio-icon-default\"><div class=\"ult-just-icon-wrapper  \"><div class=\"align-icon\" style=\"text-align:center;\">\n<div class=\"aio-icon none \"  style=\"color:#f33a21;font-size:32px;display:inline-block;\">\n\t<i class=\"fas fa-recycle\"><\/i>\n<\/div><\/div><\/div><\/div><div class=\"aio-icon-description ult-responsive\"  data-ultimate-target='#Info-box-wrap-2055 .aio-icon-description'  data-responsive-json-new='{\"font-size\":\"\",\"line-height\":\"\"}'  style=\"\"><\/p>\n<p style=\"text-align: left;\">Inwestycje w OZE (Odnawialne \u017br\u00f3d\u0142a Energii), dba\u0142o\u015b\u0107 o nasze \u015brodowisko naturalne i czysto\u015b\u0107 powietrza staj\u0105 si\u0119 tematami poruszanymi codziennie.<\/p>\n<p><\/div> <!-- description --><\/div> <!-- aio-icon-box --><\/div> <!-- aio-icon-component -->[\/vc_column_inner][vc_column_inner width=&#8220;1\/3&#8243;]<div class=\"aio-icon-component    style_1\"><div id=\"Info-box-wrap-2638\" class=\"aio-icon-box default-icon\" style=\"\"  ><div class=\"aio-icon-default\"><div class=\"ult-just-icon-wrapper  \"><div class=\"align-icon\" style=\"text-align:center;\">\n<div class=\"aio-icon none \"  style=\"color:#f33a21;font-size:32px;display:inline-block;\">\n\t<i class=\"Defaults-leaf\"><\/i>\n<\/div><\/div><\/div><\/div><div class=\"aio-icon-description ult-responsive\"  data-ultimate-target='#Info-box-wrap-2638 .aio-icon-description'  data-responsive-json-new='{\"font-size\":\"\",\"line-height\":\"\"}'  style=\"\">Panele fotowoltaiczne w trakcie produkcji energii, nie emituj\u0105 szkodliwych zwi\u0105zk\u00f3w, dwutlenku w\u0119gla, ani \u017cadnych innych gaz\u00f3w cieplarnianych.<\/div> <!-- description --><\/div> <!-- aio-icon-box --><\/div> <!-- aio-icon-component -->[\/vc_column_inner][vc_column_inner width=&#8220;1\/3&#8243;]<div class=\"aio-icon-component    style_1\"><div id=\"Info-box-wrap-4775\" class=\"aio-icon-box default-icon\" style=\"\"  ><div class=\"aio-icon-default\"><div class=\"ult-just-icon-wrapper  \"><div class=\"align-icon\" style=\"text-align:center;\">\n<div class=\"aio-icon none \"  style=\"color:#f33a21;font-size:32px;display:inline-block;\">\n\t<i class=\"fas fa-money-check-alt\"><\/i>\n<\/div><\/div><\/div><\/div><div class=\"aio-icon-description ult-responsive\"  data-ultimate-target='#Info-box-wrap-4775 .aio-icon-description'  data-responsive-json-new='{\"font-size\":\"\",\"line-height\":\"\"}'  style=\"\">Zwrot wykonania instalacji nast\u0119puje po 6-8 latach uwzgl\u0119dniaj\u0105c ulg\u0119 podatkow\u0105.<\/div> <!-- description --><\/div> <!-- aio-icon-box --><\/div> <!-- aio-icon-component -->[\/vc_column_inner][vc_column_inner][vc_separator][vc_column_text]<\/p>\n<h3 style=\"text-align: center;\"><span style=\"color: #f33a21;\">NA CZYM BUDUJEMY NASZE INSTALACJE <\/span><\/h3>\n<p>[\/vc_column_text][vc_column_text css=&#8220;.vc_custom_1582723944922{margin-right: 25px !important;margin-left: 25px !important;}&#8220;]<\/p>\n<p style=\"text-align: left;\">Na rynku fotowoltaicznym dost\u0119pna jest szeroka gama rozwi\u0105za\u0144 ? ta\u0144szych i dro\u017cszych. Dla Klienta otrzymuj\u0105cego oferty z r\u00f3\u017cnych \u017ar\u00f3de\u0142 problematyczne mo\u017ce okaza\u0107 si\u0119 dokonanie wyboru instalacji najbardziej dopasowanej do jego potrzeb.<\/p>\n<p style=\"text-align: left;\">Pracuj\u0105c na najlepszych rozwi\u0105zaniach z dziedziny fotowoltaiki przedstawiamy informacje na temat stosowanych w instalacjach komponent\u00f3w : falownik\u00f3w, paneli fotowoltaicznych oraz konstrukcji monta\u017cowych.<\/p>\n<p>[\/vc_column_text][vc_empty_space][\/vc_column_inner][vc_column_inner width=&#8220;1\/5&#8243; css=&#8220;.vc_custom_1608630843323{margin-top: 5px !important;margin-right: 5px !important;margin-bottom: 5px !important;margin-left: 5px !important;padding-top: 5px !important;padding-right: 5px !important;padding-bottom: 5px !important;padding-left: 5px !important;background-color: #eaeaea !important;}&#8220;][vc_icon icon_fontawesome=&#8220;fas fa-wave-square&#8220; color=&#8220;black&#8220; align=&#8220;center&#8220; css_animation=&#8220;fadeIn&#8220;][vc_column_text]<\/p>\n<h4 style=\"text-align: center;\"><span style=\"color: #f33a21;\">FALOWNIKI \/ INWERTERY<br \/>\n<\/span><\/h4>\n<p>[\/vc_column_text][vc_empty_space height=&#8220;100px&#8220;][vc_btn title=&#8220;DOWIEDZ SI\u0118 WI\u0118CEJ&#8220; shape=&#8220;square&#8220; color=&#8220;danger&#8220; size=&#8220;sm&#8220; align=&#8220;center&#8220; css_animation=&#8220;none&#8220; link=&#8220;url:https%3A%2F%2Fgraphen.pl%2Ffalowniki%2F|||&#8220;][\/vc_column_inner][vc_column_inner width=&#8220;1\/5&#8243; css=&#8220;.vc_custom_1608630857447{margin-top: 5px !important;margin-right: 5px !important;margin-bottom: 5px !important;margin-left: 5px !important;padding-top: 5px !important;padding-right: 5px !important;padding-bottom: 5px !important;padding-left: 5px !important;background-color: #eaeaea !important;}&#8220;][vc_icon icon_fontawesome=&#8220;fas fa-solar-panel&#8220; color=&#8220;black&#8220; align=&#8220;center&#8220; css_animation=&#8220;fadeIn&#8220;][vc_column_text]<\/p>\n<h4 style=\"text-align: center;\"><span style=\"color: #f33a21;\">MODU\u0141Y FOTOWOLTAICZNE<\/span><\/h4>\n<p>[\/vc_column_text][vc_empty_space height=&#8220;100px&#8220;][vc_btn title=&#8220;DOWIEDZ SI\u0118 WI\u0118CEJ&#8220; shape=&#8220;square&#8220; color=&#8220;danger&#8220; size=&#8220;sm&#8220; align=&#8220;center&#8220; css_animation=&#8220;none&#8220; link=&#8220;url:https%3A%2F%2Fgraphen.pl%2Fpanele-fotowoltaiczne%2F|||&#8220;][\/vc_column_inner][vc_column_inner width=&#8220;1\/5&#8243; css=&#8220;.vc_custom_1608630868232{margin-top: 5px !important;margin-right: 5px !important;margin-bottom: 5px !important;margin-left: 5px !important;padding-top: 5px !important;padding-right: 5px !important;padding-bottom: 5px !important;padding-left: 5px !important;background-color: #eaeaea !important;}&#8220;][vc_icon icon_fontawesome=&#8220;fas fa-tools&#8220; color=&#8220;black&#8220; align=&#8220;center&#8220; css_animation=&#8220;fadeIn&#8220;][vc_column_text]<\/p>\n<h4 style=\"text-align: center;\"><span style=\"color: #f33a21;\">KONSTRUKCJE MONTA\u017bOWE<\/span><\/h4>\n<p>[\/vc_column_text][vc_empty_space height=&#8220;100px&#8220;][vc_btn title=&#8220;DOWIEDZ SI\u0118 WI\u0118CEJ&#8220; shape=&#8220;square&#8220; color=&#8220;danger&#8220; size=&#8220;sm&#8220; align=&#8220;center&#8220; css_animation=&#8220;none&#8220; link=&#8220;url:https%3A%2F%2Fgraphen.pl%2Fkonstrukcje-montazowe%2F&#8220;][\/vc_column_inner][vc_column_inner width=&#8220;1\/5&#8243; css=&#8220;.vc_custom_1608631939038{margin-top: 5px !important;margin-right: 5px !important;margin-bottom: 5px !important;margin-left: 5px !important;padding-top: 5px !important;padding-right: 5px !important;padding-bottom: 5px !important;padding-left: 5px !important;background-color: #eaeaea !important;}&#8220;][vc_icon icon_fontawesome=&#8220;fas fa-battery-full&#8220; color=&#8220;black&#8220; align=&#8220;center&#8220; css_animation=&#8220;fadeIn&#8220;][vc_column_text]<\/p>\n<h4 style=\"text-align: center;\"><span style=\"color: #f33a21;\">MAGAZYNY ENERGII<\/span><\/h4>\n<p>[\/vc_column_text][vc_empty_space height=&#8220;100px&#8220;][vc_btn title=&#8220;DOWIEDZ SI\u0118 WI\u0118CEJ&#8220; shape=&#8220;square&#8220; color=&#8220;danger&#8220; size=&#8220;sm&#8220; align=&#8220;center&#8220; css_animation=&#8220;none&#8220; link=&#8220;url:https%3A%2F%2Fgraphen.pl%2Fmagazyny-energii%2F&#8220;][\/vc_column_inner][vc_column_inner width=&#8220;1\/5&#8243; css=&#8220;.vc_custom_1608631954733{margin-top: 5px !important;margin-right: 5px !important;margin-bottom: 5px !important;margin-left: 5px !important;padding-top: 5px !important;padding-right: 5px !important;padding-bottom: 5px !important;background-color: #eaeaea !important;}&#8220;][vc_icon icon_fontawesome=&#8220;fas fa-charging-station&#8220; color=&#8220;black&#8220; align=&#8220;center&#8220; css_animation=&#8220;fadeIn&#8220;][vc_column_text]<\/p>\n<h4 style=\"text-align: center;\"><span style=\"color: #f33a21;\">\u0141ADOWARKI DO SAMOCHOD\u00d3W ELEKTRYCZNYCH<\/span><\/h4>\n<p>[\/vc_column_text][vc_empty_space height=&#8220;40px&#8220;][vc_btn title=&#8220;DOWIEDZ SI\u0118 WI\u0118CEJ&#8220; shape=&#8220;square&#8220; color=&#8220;danger&#8220; size=&#8220;sm&#8220; align=&#8220;center&#8220; css_animation=&#8220;none&#8220; link=&#8220;url:https%3A%2F%2Fgraphen.pl%2Fladowarki-do-aut-elektrycznych%2F|title:%C5%81adowarki%20do%20aut%20elektrycznych&#8220;][\/vc_column_inner][vc_column_inner][vc_separator][\/vc_column_inner][vc_column_inner width=&#8220;1\/3&#8243;][\/vc_column_inner][\/vc_row_inner][vc_single_image image=&#8220;1621&#8243; img_size=&#8220;780&#215;380&#8243; alignment=&#8220;center&#8220; onclick=&#8220;custom_link&#8220; image_hovers=&#8220;false&#8220; link=&#8220;https:\/\/graphen.pl\/fotowoltaika-galeria\/&#8220;][vc_btn title=&#8220;GALERIA REALIZACJI&#8220; color=&#8220;danger&#8220; align=&#8220;center&#8220; i_icon_fontawesome=&#8220;far fa-image&#8220; button_block=&#8220;true&#8220; add_icon=&#8220;true&#8220; link=&#8220;url:https%3A%2F%2Fgraphen.pl%2Ffotowoltaika-galeria%2F|||&#8220;][vc_separator][vc_empty_space][vc_column_text]<\/p>\n<h3 style=\"text-align: center;\"><span style=\"color: #f33a21;\">WA\u017bNE INFORMACJE<\/span><\/h3>\n<p>[\/vc_column_text][vc_column_text]<\/p>\n<h3 style=\"text-align: justify;\"><strong>Program &#8222;M\u00f3j Pr\u0105d&#8220; i szczeg\u00f3\u0142owe za\u0142o\u017cenia Ministerstwa Energii.<\/strong><\/h3>\n<p style=\"text-align: justify;\">Aktualne informacje dotycz\u0105ce programu M\u00f3j Pr\u0105d oraz warunki otrzymania dotacji znajduj\u0105 si\u0119 na stronie internetowej Ministerstwa &#8211; <strong><a href=\"https:\/\/mojprad.gov.pl\/\" target=\"_blank\" rel=\"nofollow noopener noreferrer\">[LINK]<\/a><\/strong><\/p>\n<p>Na etapie realizacji projektu przygotowujemy niezb\u0119dne dokumenty do Zak\u0142adu Energetycznego oraz pomagamy w z\u0142o\u017ceniu dokumentacji zwi\u0105zanej z dofinansowaniem. Przeprowadzamy pomiary elektryczne instalacji oraz zapewniamy pe\u0142ne szkolenie z obs\u0142ugi instalacji.. Dysponujemy uprawnieniami UDT, SEP i polis\u0105 OC .<\/p>\n<h3>Zapraszamy do kontaktu w celu wyceny instalacji fotowoltaicznej *<\/h3>\n<p>*do wyceny b\u0119d\u0105 potrzebne m.in. informacje na temat zu\u017cycia energii za ca\u0142y rok podawanej w kilowatogodzinach. W przypadku rachunk\u00f3w od ENEA znajd\u0105 Pa\u0144stwo t\u0119 informacj\u0119 na drugiej stronie rachunku w g\u00f3rnym prawym rogu.[\/vc_column_text][vc_empty_space][\/vc_column][\/vc_row][vc_row][vc_column width=&#8220;1\/2&#8243;][vc_column_text el_id=&#8220;napisz_wiadomosc&#8220;]<\/p>\n<h3 style=\"text-align: center;\"><span style=\"color: #f33a21;\">FORMULARZ KONTAKTOWY<\/span><\/h3>\n<p>[\/vc_column_text]\n<div class=\"wpcf7 no-js\" id=\"wpcf7-f1096-o1\" lang=\"pl-PL\" dir=\"ltr\" data-wpcf7-id=\"1096\">\n<div class=\"screen-reader-response\"><p role=\"status\" aria-live=\"polite\" aria-atomic=\"true\"><\/p> <ul><\/ul><\/div>\n<form action=\"\/de\/wp-json\/wp\/v2\/pages\/1006#wpcf7-f1096-o1\" method=\"post\" class=\"wpcf7-form init\" aria-label=\"Formularz kontaktowy\" novalidate=\"novalidate\" data-status=\"init\">\n<div style=\"display: none;\">\n<input type=\"hidden\" name=\"_wpcf7\" value=\"1096\" \/>\n<input type=\"hidden\" name=\"_wpcf7_version\" value=\"6.0.5\" \/>\n<input type=\"hidden\" name=\"_wpcf7_locale\" value=\"pl_PL\" \/>\n<input type=\"hidden\" name=\"_wpcf7_unit_tag\" value=\"wpcf7-f1096-o1\" \/>\n<input type=\"hidden\" name=\"_wpcf7_container_post\" value=\"0\" \/>\n<input type=\"hidden\" name=\"_wpcf7_posted_data_hash\" value=\"\" \/>\n<input type=\"hidden\" name=\"lang\" value=\"de\" \/>\n<input type=\"hidden\" name=\"_wpcf7_recaptcha_response\" value=\"\" \/>\n<\/div>\n<p><label> Imi\u0119 i nazwisko (wymagane)<br \/>\n<span class=\"wpcf7-form-control-wrap\" data-name=\"your-name\"><input size=\"40\" maxlength=\"400\" class=\"wpcf7-form-control wpcf7-text wpcf7-validates-as-required\" aria-required=\"true\" aria-invalid=\"false\" value=\"\" type=\"text\" name=\"your-name\" \/><\/span> <\/label>\n<\/p>\n<p><label> Adres email (wymagane)<br \/>\n<span class=\"wpcf7-form-control-wrap\" data-name=\"your-email\"><input size=\"40\" maxlength=\"400\" class=\"wpcf7-form-control wpcf7-email wpcf7-validates-as-required wpcf7-text wpcf7-validates-as-email\" aria-required=\"true\" aria-invalid=\"false\" value=\"\" type=\"email\" name=\"your-email\" \/><\/span> <\/label>\n<\/p>\n<p><label> Telefon (opcjonalnie, ale u\u0142atwi nam kontakt)<br \/>\n<span class=\"wpcf7-form-control-wrap\" data-name=\"Telefon\"><input size=\"40\" maxlength=\"400\" class=\"wpcf7-form-control wpcf7-tel wpcf7-text wpcf7-validates-as-tel\" aria-invalid=\"false\" value=\"\" type=\"tel\" name=\"Telefon\" \/><\/span> <\/label>\n<\/p>\n<p><label> Wysoko\u015b\u0107 rachunk\u00f3w za pr\u0105d, za ostatnie 2 miesi\u0105ce (wymagane)<br \/>\n<span class=\"wpcf7-form-control-wrap\" data-name=\"rachunki\"><input size=\"40\" maxlength=\"400\" class=\"wpcf7-form-control wpcf7-text wpcf7-validates-as-required\" aria-required=\"true\" aria-invalid=\"false\" value=\"\" type=\"text\" name=\"rachunki\" \/><\/span> <\/label>\n<\/p>\n<p><label> Zu\u017cycie energii w kilowatogodzinach (roczne, miesi\u0119czne lub dwumiesi\u0119czne ? prosimy opisa\u0107) (wymagane)<br \/>\n<span class=\"wpcf7-form-control-wrap\" data-name=\"zuzycie\"><input size=\"40\" maxlength=\"400\" class=\"wpcf7-form-control wpcf7-text wpcf7-validates-as-required\" aria-required=\"true\" aria-invalid=\"false\" value=\"\" type=\"text\" name=\"zuzycie\" \/><\/span> <\/label>\n<\/p>\n<p><label> Tre\u015b\u0107 wiadomo\u015bci<br \/>\n<span class=\"wpcf7-form-control-wrap\" data-name=\"your-message\"><textarea cols=\"40\" rows=\"10\" maxlength=\"2000\" class=\"wpcf7-form-control wpcf7-textarea\" aria-invalid=\"false\" name=\"your-message\"><\/textarea><\/span> <\/label>\n<\/p>\n<p><input class=\"wpcf7-form-control wpcf7-submit has-spinner\" type=\"submit\" value=\"Wy\u015blij\" \/>\n<\/p><input type='hidden' class='wpcf7-pum' value='{\"closepopup\":false,\"closedelay\":0,\"openpopup\":false,\"openpopup_id\":0}' \/><div class=\"wpcf7-response-output\" aria-hidden=\"true\"><\/div>\n<\/form>\n<\/div>\n[\/vc_column][vc_column width=&#8220;1\/2&#8243;][vc_empty_space height=&#8220;50px&#8220;][vc_single_image image=&#8220;181&#8243; img_size=&#8220;medium&#8220; alignment=&#8220;center&#8220; onclick=&#8220;link_image&#8220; lazy_loading=&#8220;true&#8220;][\/vc_column][\/vc_row]<\/p>\n<\/div>","protected":false},"excerpt":{"rendered":"<p>[vc_row][vc_column][vc_empty_space][vc_row_inner][vc_column_inner][vc_column_text] FOTOWOLTAIKA [\/vc_column_text][vc_column_text css=&#8220;.vc_custom_1612445558068{margin-right: 25px !important;margin-left: 25px !important;}&#8220;]Jako specjali\u015bci zajmuj\u0105cy si\u0119 od 2008 roku automatyk\u0105 budynk\u00f3w, kompleksowo od projektu, przez okablowanie oraz monta\u017c element\u00f3w realizujemy instalacje fotowoltaiczne, dopasowane do zapotrzebowania obiektu na energi\u0119 elektryczn\u0105. W\u0142asna mikro-instalacja zamontowana na dachu domu lub firmy, gruncie lub budynku gospodarczym w prosty spos\u00f3b umo\u017cliwi produkcj\u0119 pr\u0105du, kt\u00f3ry zaspokoi roczne&hellip;<\/p>\n","protected":false},"author":1,"featured_media":0,"parent":0,"menu_order":0,"comment_status":"closed","ping_status":"closed","template":"","meta":{"footnotes":""},"class_list":["post-1006","page","type-page","status-publish","hentry","description-off"],"_links":{"self":[{"href":"https:\/\/graphen.pl\/de\/wp-json\/wp\/v2\/pages\/1006","targetHints":{"allow":["GET"]}}],"collection":[{"href":"https:\/\/graphen.pl\/de\/wp-json\/wp\/v2\/pages"}],"about":[{"href":"https:\/\/graphen.pl\/de\/wp-json\/wp\/v2\/types\/page"}],"author":[{"embeddable":true,"href":"https:\/\/graphen.pl\/de\/wp-json\/wp\/v2\/users\/1"}],"replies":[{"embeddable":true,"href":"https:\/\/graphen.pl\/de\/wp-json\/wp\/v2\/comments?post=1006"}],"version-history":[{"count":112,"href":"https:\/\/graphen.pl\/de\/wp-json\/wp\/v2\/pages\/1006\/revisions"}],"predecessor-version":[{"id":1638,"href":"https:\/\/graphen.pl\/de\/wp-json\/wp\/v2\/pages\/1006\/revisions\/1638"}],"wp:attachment":[{"href":"https:\/\/graphen.pl\/de\/wp-json\/wp\/v2\/media?parent=1006"}],"curies":[{"name":"wp","href":"https:\/\/api.w.org\/{rel}","templated":true}]}}